{"id":141,"date":"2016-12-09T13:08:20","date_gmt":"2016-12-09T12:08:20","guid":{"rendered":"http:\/\/www.filippagojoquartett.de\/?page_id=141"},"modified":"2026-02-19T21:17:59","modified_gmt":"2026-02-19T20:17:59","slug":"termineneu","status":"publish","type":"page","link":"https:\/\/www.filippagojoquartett.de\/?page_id=141","title":{"rendered":"Termine"},"content":{"rendered":"\n<h3 class=\"wp-block-heading\">Live-Termine 2026:<\/h3>\n\n\n\n<figure class=\"wp-block-table is-style-stripes\"><table class=\"has-fixed-layout\"><tbody><tr><td>21.02.2026<\/td><td>19:30<\/td><td>Festival jazzambach<\/td><td>G\u00f6tzis (A)<\/td><td><a href=\"https:\/\/www.jazzambach.at\/filippa-gojo-quartett\">mehr Info<\/a><\/td><td>&nbsp;<\/td><\/tr><tr><td>28.03.2026<\/td><td>10:00<\/td><td>Kinderkonzert &#8222;Alle T\u00f6ne sind schon da&#8220;, Philharmonie<\/td><td>K\u00f6ln<\/td><td><a href=\"https:\/\/www.koelner-philharmonie.de\/de\/programm\/participant\/filippa-gojo-quartett\"><\/a><a href=\"https:\/\/www.koelner-philharmonie.de\/de\/konzerte\/familienworkshop-a-alle-tone-sind-schon-da\/4831\">&nbsp;mehr Info<\/a><\/td><td>&nbsp;<\/td><\/tr><tr><td>28.03.2026<\/td><td>12:00<\/td><td>Kinderkonzert &#8222;Alle T\u00f6ne sind schon da&#8220;, Philharmonie<\/td><td>K\u00f6ln<\/td><td><a href=\"https:\/\/www.koelner-philharmonie.de\/de\/konzerte\/familienworkshop-a-alle-tone-sind-schon-da\/4831\">&nbsp;mehr Info<\/a><\/td><td>&nbsp;<\/td><\/tr><tr><td>15.04.2026<\/td><td>10:00<\/td><td>Kinderkonzert &#8222;Alle T\u00f6ne sind schon da&#8220;, Philharmonie<\/td><td>K\u00f6ln<\/td><td><a href=\"https:\/\/www.koelner-philharmonie.de\/de\/grundschulworkshop#mi-15.04.2026:-%C2%BBalle-t%C3%B6ne-sind-schon-da%C2%AB\">mehr Info<\/a><\/td><td>&nbsp;<\/td><\/tr><tr><td>15.04.2026<\/td><td>12:00<\/td><td>Kinderkonzert &#8222;Alle T\u00f6ne sind schon da&#8220;, Philharmonie<\/td><td>K\u00f6ln<\/td><td>&nbsp;<a href=\"https:\/\/www.koelner-philharmonie.de\/de\/grundschulworkshop#mi-15.04.2026:-%C2%BBalle-t%C3%B6ne-sind-schon-da%C2%AB\">mehr Info<\/a><\/td><td>&nbsp;<\/td><\/tr><tr><td>18.04.2026<\/td><td>10:00<\/td><td>Kinderkonzert &#8222;Alle T\u00f6ne sind schon da&#8220;, Philharmonie<\/td><td>K\u00f6ln<\/td><td><a href=\"https:\/\/www.koelner-philharmonie.de\/de\/konzerte\/familienworkshop-b-alle-tone-sind-schon-da\/4837\">&nbsp;mehr Info<\/a><\/td><td>&nbsp;<\/td><\/tr><tr><td>18.04.2026<\/td><td>12:00<\/td><td>Kinderkonzert &#8222;Alle T\u00f6ne sind schon da&#8220;, Philharmonie<\/td><td>K\u00f6ln<\/td><td>&nbsp;<a href=\"https:\/\/www.koelner-philharmonie.de\/de\/konzerte\/familienworkshop-b-alle-tone-sind-schon-da\/4837\">&nbsp;mehr Info<\/a><\/td><td>&nbsp;<\/td><\/tr><tr><td>20.06.2026<\/td><td>19:30\u00a0<\/td><td>Park der Villa Gr\u00fcnau\u00a0<\/td><td>Kennelbach (A)\u00a0<\/td><td>\u00a0<a href=\"https:\/\/www.kulturinkennelbach.at\/konzerte.html\">mehr Info<\/a><\/td><td>&nbsp;<\/td><\/tr><tr><td>27.09.2026<\/td><td>11:00\u00a0<\/td><td>Schlosskirche<\/td><td>\u00a0Diersfordt<\/td><td>\u00a0tba<\/td><td>&nbsp;<\/td><\/tr><\/tbody><\/table><\/figure>\n\n\n\n<h3 class=\"wp-block-heading\"><\/h3>\n\n\n\n<p><!-- Begin MailChimp Signup Form --><\/p>\n\n\n\n<div id=\"mc_embed_signup\"><form id=\"mc-embedded-subscribe-form\" class=\"validate\" action=\"\/\/yahoo.us7.list-manage.com\/subscribe\/post?u=73657984325a8b88431334b04&amp;id=fb7d6aa4dd\" method=\"post\" name=\"mc-embedded-subscribe-form\" novalidate=\"\" target=\"_blank\">\n<div id=\"mc_embed_signup_scroll\">Wenn du unseren Newsletter bekommen m\u00f6chtest, trag einfach hier deine Mailadresse ein:<br><input id=\"mce-EMAIL\" class=\"email\" name=\"EMAIL\" required=\"\" type=\"email\" value=\"\" placeholder=\"email address\"><br><!-- real people should not fill this in and expect good things - do not remove this or risk form bot signups-->\n<div style=\"position: absolute; left: -5000px;\"><input tabindex=\"-1\" name=\"b_73657984325a8b88431334b04_fb7d6aa4dd\" type=\"text\" value=\"\"><\/div>\n<div class=\"clear\"><input id=\"mc-embedded-subscribe\" class=\"button\" name=\"subscribe\" type=\"submit\" value=\"Subscribe\"><\/div>\n<\/div>\n<\/form><\/div>\n\n\n\n<p><!--End mc_embed_signup--><\/p>\n","protected":false},"excerpt":{"rendered":"<p>Live-Termine 2026: 21.02.2026 19:30 Festival jazzambach G\u00f6tzis (A) mehr Info &nbsp; 28.03.2026 10:00 Kinderkonzert &#8222;Alle T\u00f6ne sind schon da&#8220;, Philharmonie K\u00f6ln &nbsp;mehr Info &nbsp; 28.03.2026 12:00 Kinderkonzert &#8222;Alle T\u00f6ne sind schon da&#8220;, Philharmonie K\u00f6ln &nbsp;mehr Info &nbsp; 15.04.2026 10:00 Kinderkonzert &#8222;Alle T\u00f6ne sind schon da&#8220;, [&hellip;]<\/p>\n","protected":false},"author":1,"featured_media":0,"parent":0,"menu_order":0,"comment_status":"closed","ping_status":"closed","template":"","meta":{"footnotes":""},"class_list":["post-141","page","type-page","status-publish","hentry"],"_links":{"self":[{"href":"https:\/\/www.filippagojoquartett.de\/index.php?rest_route=\/wp\/v2\/pages\/141","targetHints":{"allow":["GET"]}}],"collection":[{"href":"https:\/\/www.filippagojoquartett.de\/index.php?rest_route=\/wp\/v2\/pages"}],"about":[{"href":"https:\/\/www.filippagojoquartett.de\/index.php?rest_route=\/wp\/v2\/types\/page"}],"author":[{"embeddable":true,"href":"https:\/\/www.filippagojoquartett.de\/index.php?rest_route=\/wp\/v2\/users\/1"}],"replies":[{"embeddable":true,"href":"https:\/\/www.filippagojoquartett.de\/index.php?rest_route=%2Fwp%2Fv2%2Fcomments&post=141"}],"version-history":[{"count":38,"href":"https:\/\/www.filippagojoquartett.de\/index.php?rest_route=\/wp\/v2\/pages\/141\/revisions"}],"predecessor-version":[{"id":389,"href":"https:\/\/www.filippagojoquartett.de\/index.php?rest_route=\/wp\/v2\/pages\/141\/revisions\/389"}],"wp:attachment":[{"href":"https:\/\/www.filippagojoquartett.de\/index.php?rest_route=%2Fwp%2Fv2%2Fmedia&parent=141"}],"curies":[{"name":"wp","href":"https:\/\/api.w.org\/{rel}","templated":true}]}}